{"id":22003,"date":"2026-08-25T18:10:41","date_gmt":"2026-08-25T18:10:41","guid":{"rendered":"https:\/\/iran3037.cl\/web\/?post_type=glossary&#038;p=22003"},"modified":"2026-08-25T18:34:59","modified_gmt":"2026-08-25T18:34:59","slug":"hector-pedro-maturana-espinoza","status":"publish","type":"glossary","link":"https:\/\/iran3037.cl\/web\/glossary\/hector-pedro-maturana-espinoza\/","title":{"rendered":"H\u00c9CTOR PEDRO MATURANA ESPINOZA"},"content":{"rendered":"\n<figure class=\"wp-block-image size-large\"><a href=\"https:\/\/iran3037.cl\/web\/wp-content\/uploads\/2026\/08\/ChatGPT-Image-25-ago-2026-02_33_04-p.m.png\"><img loading=\"lazy\" decoding=\"async\" width=\"1024\" height=\"896\" src=\"https:\/\/iran3037.cl\/web\/wp-content\/uploads\/2026\/08\/ChatGPT-Image-25-ago-2026-02_33_04-p.m-1024x896.png\" alt=\"\" class=\"wp-image-22013\" srcset=\"https:\/\/iran3037.cl\/web\/wp-content\/uploads\/2026\/08\/ChatGPT-Image-25-ago-2026-02_33_04-p.m-1024x896.png 1024w, https:\/\/iran3037.cl\/web\/wp-content\/uploads\/2026\/08\/ChatGPT-Image-25-ago-2026-02_33_04-p.m-300x262.png 300w, https:\/\/iran3037.cl\/web\/wp-content\/uploads\/2026\/08\/ChatGPT-Image-25-ago-2026-02_33_04-p.m-767x671.png 767w, https:\/\/iran3037.cl\/web\/wp-content\/uploads\/2026\/08\/ChatGPT-Image-25-ago-2026-02_33_04-p.m.png 1341w\" sizes=\"auto, (max-width: 1024px) 100vw, 1024px\" \/><\/a><\/figure>\n\n\n\n<p class=\"wp-block-paragraph\"><\/p>\n\n\n\n<p class=\"wp-block-paragraph\">Rut: 5.027.863-8<br>Fecha detenci\u00f3n: 23-11-1974<br>Lugar detenci\u00f3n: Santiago<br>Fecha nacimiento: 15-05-1947 \u2014 Edad: 27<br>Lugar nacimiento: Santiago<br>Actividad: Profesor de Ense\u00f1anza B\u00e1sica (sin ejercer; trabajaba como asistente de fotograf\u00eda)<br>Estado civil e hijos: Casado<br>Nacionalidad: Chilena<\/p>\n\n\n\n<p class=\"wp-block-paragraph\">H\u00e9ctor Maturana Espinoza fue detenido el 23 de diciembre de 1974, alrededor de las 19:30 horas, por tres sujetos que se identificaron como pertenecientes al Servicio de Inteligencia de Carabineros (SICAR). En ese momento trabajaba como asistente del fot\u00f3grafo Manuel Bobadilla, detenido esa misma tarde, quien junto a Osvaldo Jara estaba gestionando la instalaci\u00f3n de un estudio fotogr\u00e1fico.<\/p>\n\n\n\n<p class=\"wp-block-paragraph\">La detenci\u00f3n ocurri\u00f3 cuando H\u00e9ctor lleg\u00f3 al domicilio de Osvaldo Jara en Villa Portales, que estaba siendo allanado en ese instante. Los agentes, sin exhibir credenciales ni \u00f3rdenes de detenci\u00f3n, se lo llevaron al identificarlo. Tres d\u00edas despu\u00e9s, otro grupo armado allan\u00f3 la casa del afectado, llev\u00e1ndose herramientas, libros y documentos personales, sin entregar informaci\u00f3n sobre su paradero.<\/p>\n\n\n\n<p class=\"wp-block-paragraph\">Su esposa, Ana Mar\u00eda Barrios, present\u00f3 un recurso de amparo en enero de 1975, que fue rechazado tras informar el Ministerio del Interior que no hab\u00eda registro de su detenci\u00f3n. La causa judicial abierta en 1975 fue sobrese\u00edda en 1976 por falta de antecedentes, fallo confirmado por la Corte de Apelaciones. Un nuevo recurso de amparo en 1979 tampoco prosper\u00f3.<\/p>\n\n\n\n<p class=\"wp-block-paragraph\">En 2026, la ministra en visita Paola Plaza Gonz\u00e1lez conden\u00f3 a los ex agentes de la DINA Pedro Espinoza Bravo y Rolf Wenderoth Pozo a 15 a\u00f1os de presidio cada uno por el secuestro calificado de Maturana y de Manuel Bobadilla, estableciendo que ambos fueron trasladados al centro clandestino Villa Grimaldi, donde se les vio por \u00faltima vez.<\/p>\n\n\n\n<p class=\"wp-block-paragraph\">H\u00e9ctor Pedro Maturana Espinoza, detenido ese mismo 23 de diciembre de 1974, fue trasladado en primer lugar al centro clandestino de detenci\u00f3n y tortura Venda Sexy, hoy Sitio de Memoria Ir\u00e1n 3037, para luego ser conducido al cuartel Terranova, tambi\u00e9n conocido como Villa Grimaldi, donde fue visto con vida por \u00faltima vez.<\/p>\n\n\n\n<p class=\"wp-block-paragraph\"><\/p>\n\n\n\n<p class=\"wp-block-paragraph\"><strong>M\u00c1S INFORMACI\u00d3N<\/strong> <a href=\"https:\/\/www.memoriaviva.com\/detenidos-desaparecidos\/maturana-espinoza-hector\"><strong>AC\u00c1<\/strong><\/a><\/p>\n","protected":false},"excerpt":{"rendered":"<p>Rut: 5.027.863-8Fecha detenci\u00f3n: 23-11-1974Lugar detenci\u00f3n: SantiagoFecha nacimiento: 15-05-1947 \u2014 Edad: 27Lugar nacimiento: SantiagoActividad: Profesor de Ense\u00f1anza B\u00e1sica (sin<\/p>\n","protected":false},"author":3,"featured_media":0,"parent":0,"template":"","glossary-cat":[2],"class_list":["post-22003","glossary","type-glossary","status-publish","hentry","glossary-cat-iran-30370"],"aioseo_notices":[],"aioseo_head":"\n\t\t<!-- All in One SEO 5.0.1.1 - aioseo.com -->\n\t<meta name=\"description\" content=\"Rut: 5.027.863-8Fecha detenci\u00f3n: 23-11-1974Lugar detenci\u00f3n: SantiagoFecha nacimiento: 15-05-1947 \u2014 Edad: 27Lugar nacimiento: SantiagoActividad: Profesor de Ense\u00f1anza B\u00e1sica (sin ejercer; trabajaba como asistente de fotograf\u00eda)Estado civil e hijos: CasadoNacionalidad: Chilena H\u00e9ctor Maturana Espinoza fue detenido el 23 de diciembre de 1974, alrededor de las 19:30 horas, por tres sujetos que se identificaron como pertenecientes al Servicio\" \/>\n\t<meta name=\"robots\" content=\"max-image-preview:large\" \/>\n\t<meta name=\"author\" content=\"Editor\"\/>\n\t<meta name=\"google-site-verification\" content=\"qEAyNUSNXyg8KiobUrbyIfaaaIY3P_e7e2X6JQgfe88\" \/>\n\t<link rel=\"canonical\" href=\"https:\/\/iran3037.cl\/web\/glossary\/hector-pedro-maturana-espinoza\/\" \/>\n\t<meta name=\"generator\" content=\"All in One SEO (AIOSEO) 5.0.1.1\" \/>\n\t\t<meta property=\"og:locale\" content=\"es_ES\" \/>\n\t\t<meta property=\"og:site_name\" content=\"-\" \/>\n\t\t<meta property=\"og:type\" content=\"article\" \/>\n\t\t<meta property=\"og:title\" content=\"H\u00c9CTOR PEDRO MATURANA ESPINOZA -\" \/>\n\t\t<meta property=\"og:description\" content=\"Rut: 5.027.863-8Fecha detenci\u00f3n: 23-11-1974Lugar detenci\u00f3n: SantiagoFecha nacimiento: 15-05-1947 \u2014 Edad: 27Lugar nacimiento: SantiagoActividad: Profesor de Ense\u00f1anza B\u00e1sica (sin ejercer; trabajaba como asistente de fotograf\u00eda)Estado civil e hijos: CasadoNacionalidad: Chilena H\u00e9ctor Maturana Espinoza fue detenido el 23 de diciembre de 1974, alrededor de las 19:30 horas, por tres sujetos que se identificaron como pertenecientes al Servicio\" \/>\n\t\t<meta property=\"og:url\" content=\"https:\/\/iran3037.cl\/web\/glossary\/hector-pedro-maturana-espinoza\/\" \/>\n\t\t<meta property=\"og:image\" content=\"https:\/\/iran3037.cl\/web\/wp-content\/uploads\/2013\/11\/logo_iran_fondo_blanco__1_-removebg-preview.png\" \/>\n\t\t<meta property=\"og:image:secure_url\" content=\"https:\/\/iran3037.cl\/web\/wp-content\/uploads\/2013\/11\/logo_iran_fondo_blanco__1_-removebg-preview.png\" \/>\n\t\t<meta property=\"og:image:width\" content=\"577\" \/>\n\t\t<meta property=\"og:image:height\" content=\"432\" \/>\n\t\t<meta property=\"article:published_time\" content=\"2026-08-25T18:10:41+00:00\" \/>\n\t\t<meta property=\"article:modified_time\" content=\"2026-08-25T18:34:59+00:00\" \/>\n\t\t<meta name=\"twitter:card\" content=\"summary_large_image\" \/>\n\t\t<meta name=\"twitter:title\" content=\"H\u00c9CTOR PEDRO MATURANA ESPINOZA -\" \/>\n\t\t<meta name=\"twitter:description\" content=\"Rut: 5.027.863-8Fecha detenci\u00f3n: 23-11-1974Lugar detenci\u00f3n: SantiagoFecha nacimiento: 15-05-1947 \u2014 Edad: 27Lugar nacimiento: SantiagoActividad: Profesor de Ense\u00f1anza B\u00e1sica (sin ejercer; trabajaba como asistente de fotograf\u00eda)Estado civil e hijos: CasadoNacionalidad: Chilena H\u00e9ctor Maturana Espinoza fue detenido el 23 de diciembre de 1974, alrededor de las 19:30 horas, por tres sujetos que se identificaron como pertenecientes al Servicio\" \/>\n\t\t<meta name=\"twitter:image\" content=\"https:\/\/iran3037.cl\/web\/wp-content\/uploads\/2013\/11\/logo_iran_fondo_blanco__1_-removebg-preview.png\" \/>\n\t\t<script type=\"application\/ld+json\" class=\"aioseo-schema\">\n\t\t\t{\"@context\":\"https:\\\/\\\/schema.org\",\"@graph\":[{\"@type\":\"BreadcrumbList\",\"@id\":\"https:\\\/\\\/iran3037.cl\\\/web\\\/glossary\\\/hector-pedro-maturana-espinoza\\\/#breadcrumblist\",\"itemListElement\":[{\"@type\":\"ListItem\",\"@id\":\"https:\\\/\\\/iran3037.cl\\\/web#listItem\",\"position\":1,\"name\":\"Hogar\",\"item\":\"https:\\\/\\\/iran3037.cl\\\/web\",\"nextItem\":{\"@type\":\"ListItem\",\"@id\":\"https:\\\/\\\/iran3037.cl\\\/web\\\/glossary\\\/#listItem\",\"name\":\"T\\u00e9rminos del glosario\"}},{\"@type\":\"ListItem\",\"@id\":\"https:\\\/\\\/iran3037.cl\\\/web\\\/glossary\\\/#listItem\",\"position\":2,\"name\":\"T\\u00e9rminos del glosario\",\"item\":\"https:\\\/\\\/iran3037.cl\\\/web\\\/glossary\\\/\",\"nextItem\":{\"@type\":\"ListItem\",\"@id\":\"https:\\\/\\\/iran3037.cl\\\/web\\\/glossary-cat\\\/iran-30370\\\/#listItem\",\"name\":\"IRAN 3037\"},\"previousItem\":{\"@type\":\"ListItem\",\"@id\":\"https:\\\/\\\/iran3037.cl\\\/web#listItem\",\"name\":\"Hogar\"}},{\"@type\":\"ListItem\",\"@id\":\"https:\\\/\\\/iran3037.cl\\\/web\\\/glossary-cat\\\/iran-30370\\\/#listItem\",\"position\":3,\"name\":\"IRAN 3037\",\"item\":\"https:\\\/\\\/iran3037.cl\\\/web\\\/glossary-cat\\\/iran-30370\\\/\",\"nextItem\":{\"@type\":\"ListItem\",\"@id\":\"https:\\\/\\\/iran3037.cl\\\/web\\\/glossary\\\/hector-pedro-maturana-espinoza\\\/#listItem\",\"name\":\"H\\u00c9CTOR PEDRO MATURANA ESPINOZA\"},\"previousItem\":{\"@type\":\"ListItem\",\"@id\":\"https:\\\/\\\/iran3037.cl\\\/web\\\/glossary\\\/#listItem\",\"name\":\"T\\u00e9rminos del glosario\"}},{\"@type\":\"ListItem\",\"@id\":\"https:\\\/\\\/iran3037.cl\\\/web\\\/glossary\\\/hector-pedro-maturana-espinoza\\\/#listItem\",\"position\":4,\"name\":\"H\\u00c9CTOR PEDRO MATURANA ESPINOZA\",\"previousItem\":{\"@type\":\"ListItem\",\"@id\":\"https:\\\/\\\/iran3037.cl\\\/web\\\/glossary-cat\\\/iran-30370\\\/#listItem\",\"name\":\"IRAN 3037\"}}]},{\"@type\":\"Organization\",\"@id\":\"https:\\\/\\\/iran3037.cl\\\/web\\\/#organization\",\"name\":\"Asociaci\\u00f3n de Memoria y Derechos Humanos Venda Sexy\",\"description\":\"La Asociaci\\u00f3n Venda Sexy, fundada en 2013, preserva la memoria de v\\u00edctimas de represi\\u00f3n estatal gestionando el ex centro de tortura \\\"Venda Sexy\\\" en Ir\\u00e1n 3037, Santiago. Enfoca en derechos humanos, g\\u00e9nero y justicia.\",\"url\":\"https:\\\/\\\/iran3037.cl\\\/web\\\/\",\"email\":\"sitiodememoriairan3037@gmail.com\",\"logo\":{\"@type\":\"ImageObject\",\"url\":\"https:\\\/\\\/iran3037.cl\\\/web\\\/wp-content\\\/uploads\\\/2013\\\/11\\\/logo_iran_fondo_blanco__1_-removebg-preview-300x225.png\",\"@id\":\"https:\\\/\\\/iran3037.cl\\\/web\\\/glossary\\\/hector-pedro-maturana-espinoza\\\/#organizationLogo\"},\"image\":{\"@id\":\"https:\\\/\\\/iran3037.cl\\\/web\\\/glossary\\\/hector-pedro-maturana-espinoza\\\/#organizationLogo\"},\"sameAs\":[\"https:\\\/\\\/www.instagram.com\\\/sitiodememoriairan3037\\\/\"]},{\"@type\":\"Person\",\"@id\":\"https:\\\/\\\/iran3037.cl\\\/web\\\/author\\\/zeta\\\/#author\",\"url\":\"https:\\\/\\\/iran3037.cl\\\/web\\\/author\\\/zeta\\\/\",\"name\":\"Editor\",\"image\":{\"@type\":\"ImageObject\",\"@id\":\"https:\\\/\\\/iran3037.cl\\\/web\\\/glossary\\\/hector-pedro-maturana-espinoza\\\/#authorImage\",\"url\":\"https:\\\/\\\/secure.gravatar.com\\\/avatar\\\/74271fcd0201e311909e9df88359fd9604a196ffca37b90cfc6ea05ebed6b6b7?s=96&d=mm&r=g\",\"width\":96,\"height\":96,\"caption\":\"Editor\"}},{\"@type\":\"WebPage\",\"@id\":\"https:\\\/\\\/iran3037.cl\\\/web\\\/glossary\\\/hector-pedro-maturana-espinoza\\\/#webpage\",\"url\":\"https:\\\/\\\/iran3037.cl\\\/web\\\/glossary\\\/hector-pedro-maturana-espinoza\\\/\",\"name\":\"H\\u00c9CTOR PEDRO MATURANA ESPINOZA -\",\"description\":\"Rut: 5.027.863-8Fecha detenci\\u00f3n: 23-11-1974Lugar detenci\\u00f3n: SantiagoFecha nacimiento: 15-05-1947 \\u2014 Edad: 27Lugar nacimiento: SantiagoActividad: Profesor de Ense\\u00f1anza B\\u00e1sica (sin ejercer; trabajaba como asistente de fotograf\\u00eda)Estado civil e hijos: CasadoNacionalidad: Chilena H\\u00e9ctor Maturana Espinoza fue detenido el 23 de diciembre de 1974, alrededor de las 19:30 horas, por tres sujetos que se identificaron como pertenecientes al Servicio\",\"inLanguage\":\"es-ES\",\"isPartOf\":{\"@id\":\"https:\\\/\\\/iran3037.cl\\\/web\\\/#website\"},\"breadcrumb\":{\"@id\":\"https:\\\/\\\/iran3037.cl\\\/web\\\/glossary\\\/hector-pedro-maturana-espinoza\\\/#breadcrumblist\"},\"author\":{\"@id\":\"https:\\\/\\\/iran3037.cl\\\/web\\\/author\\\/zeta\\\/#author\"},\"creator\":{\"@id\":\"https:\\\/\\\/iran3037.cl\\\/web\\\/author\\\/zeta\\\/#author\"},\"datePublished\":\"2026-08-25T18:10:41+00:00\",\"dateModified\":\"2026-08-25T18:34:59+00:00\"},{\"@type\":\"WebSite\",\"@id\":\"https:\\\/\\\/iran3037.cl\\\/web\\\/#website\",\"url\":\"https:\\\/\\\/iran3037.cl\\\/web\\\/\",\"inLanguage\":\"es-ES\",\"publisher\":{\"@id\":\"https:\\\/\\\/iran3037.cl\\\/web\\\/#organization\"}}]}\n\t\t<\/script>\n\t\t<!-- All in One SEO -->\n\n","aioseo_head_json":{"title":"H\u00c9CTOR PEDRO MATURANA ESPINOZA -","description":"Rut: 5.027.863-8Fecha detenci\u00f3n: 23-11-1974Lugar detenci\u00f3n: SantiagoFecha nacimiento: 15-05-1947 \u2014 Edad: 27Lugar nacimiento: SantiagoActividad: Profesor de Ense\u00f1anza B\u00e1sica (sin ejercer; trabajaba como asistente de fotograf\u00eda)Estado civil e hijos: CasadoNacionalidad: Chilena H\u00e9ctor Maturana Espinoza fue detenido el 23 de diciembre de 1974, alrededor de las 19:30 horas, por tres sujetos que se identificaron como pertenecientes al Servicio","canonical_url":"https:\/\/iran3037.cl\/web\/glossary\/hector-pedro-maturana-espinoza\/","robots":"max-image-preview:large","keywords":"","webmasterTools":{"google-site-verification":"qEAyNUSNXyg8KiobUrbyIfaaaIY3P_e7e2X6JQgfe88","miscellaneous":""},"schema":{"@context":"https:\/\/schema.org","@graph":[{"@type":"BreadcrumbList","@id":"https:\/\/iran3037.cl\/web\/glossary\/hector-pedro-maturana-espinoza\/#breadcrumblist","itemListElement":[{"@type":"ListItem","@id":"https:\/\/iran3037.cl\/web#listItem","position":1,"name":"Hogar","item":"https:\/\/iran3037.cl\/web","nextItem":{"@type":"ListItem","@id":"https:\/\/iran3037.cl\/web\/glossary\/#listItem","name":"T\u00e9rminos del glosario"}},{"@type":"ListItem","@id":"https:\/\/iran3037.cl\/web\/glossary\/#listItem","position":2,"name":"T\u00e9rminos del glosario","item":"https:\/\/iran3037.cl\/web\/glossary\/","nextItem":{"@type":"ListItem","@id":"https:\/\/iran3037.cl\/web\/glossary-cat\/iran-30370\/#listItem","name":"IRAN 3037"},"previousItem":{"@type":"ListItem","@id":"https:\/\/iran3037.cl\/web#listItem","name":"Hogar"}},{"@type":"ListItem","@id":"https:\/\/iran3037.cl\/web\/glossary-cat\/iran-30370\/#listItem","position":3,"name":"IRAN 3037","item":"https:\/\/iran3037.cl\/web\/glossary-cat\/iran-30370\/","nextItem":{"@type":"ListItem","@id":"https:\/\/iran3037.cl\/web\/glossary\/hector-pedro-maturana-espinoza\/#listItem","name":"H\u00c9CTOR PEDRO MATURANA ESPINOZA"},"previousItem":{"@type":"ListItem","@id":"https:\/\/iran3037.cl\/web\/glossary\/#listItem","name":"T\u00e9rminos del glosario"}},{"@type":"ListItem","@id":"https:\/\/iran3037.cl\/web\/glossary\/hector-pedro-maturana-espinoza\/#listItem","position":4,"name":"H\u00c9CTOR PEDRO MATURANA ESPINOZA","previousItem":{"@type":"ListItem","@id":"https:\/\/iran3037.cl\/web\/glossary-cat\/iran-30370\/#listItem","name":"IRAN 3037"}}]},{"@type":"Organization","@id":"https:\/\/iran3037.cl\/web\/#organization","name":"Asociaci\u00f3n de Memoria y Derechos Humanos Venda Sexy","description":"La Asociaci\u00f3n Venda Sexy, fundada en 2013, preserva la memoria de v\u00edctimas de represi\u00f3n estatal gestionando el ex centro de tortura \"Venda Sexy\" en Ir\u00e1n 3037, Santiago. Enfoca en derechos humanos, g\u00e9nero y justicia.","url":"https:\/\/iran3037.cl\/web\/","email":"sitiodememoriairan3037@gmail.com","logo":{"@type":"ImageObject","url":"https:\/\/iran3037.cl\/web\/wp-content\/uploads\/2013\/11\/logo_iran_fondo_blanco__1_-removebg-preview-300x225.png","@id":"https:\/\/iran3037.cl\/web\/glossary\/hector-pedro-maturana-espinoza\/#organizationLogo"},"image":{"@id":"https:\/\/iran3037.cl\/web\/glossary\/hector-pedro-maturana-espinoza\/#organizationLogo"},"sameAs":["https:\/\/www.instagram.com\/sitiodememoriairan3037\/"]},{"@type":"Person","@id":"https:\/\/iran3037.cl\/web\/author\/zeta\/#author","url":"https:\/\/iran3037.cl\/web\/author\/zeta\/","name":"Editor","image":{"@type":"ImageObject","@id":"https:\/\/iran3037.cl\/web\/glossary\/hector-pedro-maturana-espinoza\/#authorImage","url":"https:\/\/secure.gravatar.com\/avatar\/74271fcd0201e311909e9df88359fd9604a196ffca37b90cfc6ea05ebed6b6b7?s=96&d=mm&r=g","width":96,"height":96,"caption":"Editor"}},{"@type":"WebPage","@id":"https:\/\/iran3037.cl\/web\/glossary\/hector-pedro-maturana-espinoza\/#webpage","url":"https:\/\/iran3037.cl\/web\/glossary\/hector-pedro-maturana-espinoza\/","name":"H\u00c9CTOR PEDRO MATURANA ESPINOZA -","description":"Rut: 5.027.863-8Fecha detenci\u00f3n: 23-11-1974Lugar detenci\u00f3n: SantiagoFecha nacimiento: 15-05-1947 \u2014 Edad: 27Lugar nacimiento: SantiagoActividad: Profesor de Ense\u00f1anza B\u00e1sica (sin ejercer; trabajaba como asistente de fotograf\u00eda)Estado civil e hijos: CasadoNacionalidad: Chilena H\u00e9ctor Maturana Espinoza fue detenido el 23 de diciembre de 1974, alrededor de las 19:30 horas, por tres sujetos que se identificaron como pertenecientes al Servicio","inLanguage":"es-ES","isPartOf":{"@id":"https:\/\/iran3037.cl\/web\/#website"},"breadcrumb":{"@id":"https:\/\/iran3037.cl\/web\/glossary\/hector-pedro-maturana-espinoza\/#breadcrumblist"},"author":{"@id":"https:\/\/iran3037.cl\/web\/author\/zeta\/#author"},"creator":{"@id":"https:\/\/iran3037.cl\/web\/author\/zeta\/#author"},"datePublished":"2026-08-25T18:10:41+00:00","dateModified":"2026-08-25T18:34:59+00:00"},{"@type":"WebSite","@id":"https:\/\/iran3037.cl\/web\/#website","url":"https:\/\/iran3037.cl\/web\/","inLanguage":"es-ES","publisher":{"@id":"https:\/\/iran3037.cl\/web\/#organization"}}]},"og:locale":"es_ES","og:site_name":"-","og:type":"article","og:title":"H\u00c9CTOR PEDRO MATURANA ESPINOZA -","og:description":"Rut: 5.027.863-8Fecha detenci\u00f3n: 23-11-1974Lugar detenci\u00f3n: SantiagoFecha nacimiento: 15-05-1947 \u2014 Edad: 27Lugar nacimiento: SantiagoActividad: Profesor de Ense\u00f1anza B\u00e1sica (sin ejercer; trabajaba como asistente de fotograf\u00eda)Estado civil e hijos: CasadoNacionalidad: Chilena H\u00e9ctor Maturana Espinoza fue detenido el 23 de diciembre de 1974, alrededor de las 19:30 horas, por tres sujetos que se identificaron como pertenecientes al Servicio","og:url":"https:\/\/iran3037.cl\/web\/glossary\/hector-pedro-maturana-espinoza\/","og:image":"https:\/\/iran3037.cl\/web\/wp-content\/uploads\/2013\/11\/logo_iran_fondo_blanco__1_-removebg-preview.png","og:image:secure_url":"https:\/\/iran3037.cl\/web\/wp-content\/uploads\/2013\/11\/logo_iran_fondo_blanco__1_-removebg-preview.png","og:image:width":577,"og:image:height":432,"article:published_time":"2026-08-25T18:10:41+00:00","article:modified_time":"2026-08-25T18:34:59+00:00","twitter:card":"summary_large_image","twitter:title":"H\u00c9CTOR PEDRO MATURANA ESPINOZA -","twitter:description":"Rut: 5.027.863-8Fecha detenci\u00f3n: 23-11-1974Lugar detenci\u00f3n: SantiagoFecha nacimiento: 15-05-1947 \u2014 Edad: 27Lugar nacimiento: SantiagoActividad: Profesor de Ense\u00f1anza B\u00e1sica (sin ejercer; trabajaba como asistente de fotograf\u00eda)Estado civil e hijos: CasadoNacionalidad: Chilena H\u00e9ctor Maturana Espinoza fue detenido el 23 de diciembre de 1974, alrededor de las 19:30 horas, por tres sujetos que se identificaron como pertenecientes al Servicio","twitter:image":"https:\/\/iran3037.cl\/web\/wp-content\/uploads\/2013\/11\/logo_iran_fondo_blanco__1_-removebg-preview.png"},"aioseo_meta_data":{"post_id":"22003","title":null,"description":null,"keywords":null,"keyphrases":{"focus":{"keyphrase":"","score":0,"analysis":{"keyphraseInTitle":{"score":0,"maxScore":9,"error":1}}},"additional":[]},"primary_term":null,"canonical_url":null,"og_title":null,"og_description":null,"og_object_type":"default","og_image_type":"default","og_image_url":null,"og_image_width":null,"og_image_height":null,"og_image_custom_url":null,"og_image_custom_fields":null,"og_video":"","og_custom_url":null,"og_article_section":null,"og_article_tags":null,"twitter_use_og":false,"twitter_card":"default","twitter_image_type":"default","twitter_image_url":null,"twitter_image_custom_url":null,"twitter_image_custom_fields":null,"twitter_title":null,"twitter_description":null,"schema":{"blockGraphs":[],"customGraphs":[],"default":{"data":{"Article":[],"Course":[],"Dataset":[],"FAQPage":[],"Movie":[],"Person":[],"Product":[],"ProductReview":[],"Car":[],"Recipe":[],"Service":[],"SoftwareApplication":[],"WebPage":[]},"graphName":"WebPage","isEnabled":true},"graphs":[]},"schema_type":"default","schema_type_options":null,"pillar_content":false,"robots_default":true,"robots_noindex":false,"robots_noarchive":false,"robots_nosnippet":false,"robots_nofollow":false,"robots_noimageindex":false,"robots_noodp":false,"robots_notranslate":false,"robots_max_snippet":"-1","robots_max_videopreview":"-1","robots_max_imagepreview":"large","priority":null,"frequency":"default","local_seo":null,"limit_modified_date":false,"created":"2026-08-25 18:10:44","updated":"2026-08-25 18:57:31","ai":{"faqs":[],"keyPoints":[],"schemas":[],"titles":[],"descriptions":[],"socialPosts":{"email":{"subject":"","preview":"","content":""},"linkedin":[],"twitter":[],"facebook":[],"instagram":[]}},"breadcrumb_settings":null,"seo_analyzer_scan_date":null,"focus_keyword":null,"additional_keywords":null,"truseo_locale":null},"aioseo_breadcrumb":"<div class=\"aioseo-breadcrumbs\"><span class=\"aioseo-breadcrumb\">\n\t\t\t<a href=\"https:\/\/iran3037.cl\/web\" title=\"Hogar\">Hogar<\/a>\n\t\t<\/span><span class=\"aioseo-breadcrumb-separator\">&raquo;<\/span><span class=\"aioseo-breadcrumb\">\n\t\t\t<a href=\"https:\/\/iran3037.cl\/web\/glossary\/\" title=\"T\u00e9rminos del glosario\">T\u00e9rminos del glosario<\/a>\n\t\t<\/span><span class=\"aioseo-breadcrumb-separator\">&raquo;<\/span><span class=\"aioseo-breadcrumb\">\n\t\t\t<a href=\"https:\/\/iran3037.cl\/web\/glossary-cat\/iran-30370\/\" title=\"IRAN 3037\">IRAN 3037<\/a>\n\t\t<\/span><span class=\"aioseo-breadcrumb-separator\">&raquo;<\/span><span class=\"aioseo-breadcrumb\">\n\t\t\tH\u00c9CTOR PEDRO MATURANA ESPINOZA\n\t\t<\/span><\/div>","aioseo_breadcrumb_json":[{"label":"Hogar","link":"https:\/\/iran3037.cl\/web"},{"label":"T\u00e9rminos del glosario","link":"https:\/\/iran3037.cl\/web\/glossary\/"},{"label":"IRAN 3037","link":"https:\/\/iran3037.cl\/web\/glossary-cat\/iran-30370\/"},{"label":"H\u00c9CTOR PEDRO MATURANA ESPINOZA","link":"https:\/\/iran3037.cl\/web\/glossary\/hector-pedro-maturana-espinoza\/"}],"uagb_featured_image_src":{"full":false,"thumbnail":false,"medium":false,"medium_large":false,"large":false,"1536x1536":false,"2048x2048":false,"morenews-large":false,"morenews-medium":false},"uagb_author_info":{"display_name":"Editor","author_link":"https:\/\/iran3037.cl\/web\/author\/zeta\/"},"uagb_comment_info":0,"uagb_excerpt":"Rut: 5.027.863-8Fecha detenci\u00f3n: 23-11-1974Lugar detenci\u00f3n: SantiagoFecha nacimiento: 15-05-1947 \u2014 Edad: 27Lugar nacimiento: SantiagoActividad: Profesor de Ense\u00f1anza B\u00e1sica (sin","_links":{"self":[{"href":"https:\/\/iran3037.cl\/web\/wp-json\/wp\/v2\/glossary\/22003","targetHints":{"allow":["GET"]}}],"collection":[{"href":"https:\/\/iran3037.cl\/web\/wp-json\/wp\/v2\/glossary"}],"about":[{"href":"https:\/\/iran3037.cl\/web\/wp-json\/wp\/v2\/types\/glossary"}],"author":[{"embeddable":true,"href":"https:\/\/iran3037.cl\/web\/wp-json\/wp\/v2\/users\/3"}],"version-history":[{"count":3,"href":"https:\/\/iran3037.cl\/web\/wp-json\/wp\/v2\/glossary\/22003\/revisions"}],"predecessor-version":[{"id":22014,"href":"https:\/\/iran3037.cl\/web\/wp-json\/wp\/v2\/glossary\/22003\/revisions\/22014"}],"wp:attachment":[{"href":"https:\/\/iran3037.cl\/web\/wp-json\/wp\/v2\/media?parent=22003"}],"wp:term":[{"taxonomy":"glossary-cat","embeddable":true,"href":"https:\/\/iran3037.cl\/web\/wp-json\/wp\/v2\/glossary-cat?post=22003"}],"curies":[{"name":"wp","href":"https:\/\/api.w.org\/{rel}","templated":true}]}}